{"version":"1.0","type":"rich","provider_name":"Bj\u00f6rk.fr \u2013 Site francophone d\u00e9di\u00e9 \u00e0 Bj\u00f6rk&nbsp;: musique, clips et actualit\u00e9s","provider_url":"https:\/\/www.bjork.fr","title":"\u00c0 propos du prix d&#8217;interpr\u00e9tation","author_name":"aifol","width":"480","height":"315","url":"http:\/\/bjork.fr\/A-propos-du-prix-d-interpretation","html":"\u003Ch4 class='title'\u003E\u003Ca href='http:\/\/bjork.fr\/A-propos-du-prix-d-interpretation'\u003E\u00c0 propos du prix d&#8217;interpr\u00e9tation\u003C\/a\u003E\u003C\/h4\u003E\u003Cblockquote class='spip'\u003E\n\u003Cp\u003EAvant je me m\u00e9fiais des prix, car j\u2019avais l\u2019impression qu\u2019ils signifiaient&nbsp;: \"Vous \u00eates d\u00e9sormais bonne pour la maison de retraite.\" J\u2019avais surtout peur que l\u2019avis des autres ne me d\u00e9tourne de ma route. mais \u00e0 Cannes, c\u2019\u00e9tait diff\u00e9rent car non seulement ce prix n\u2019avait rien \u00e0 voir avec la musique mais c\u2019\u00e9tait une reconnaissance. La cons\u00e9cration de trois longues ann\u00e9es de travail et de sacrifices. (...) J\u2019ai \u00e9t\u00e9 tr\u00e8s touch\u00e9e de recevoir ce prix. Depuis trois ans, j\u2019avais tout mis de c\u00f4t\u00e9&nbsp;(\u2026)\u003C\/p\u003E\n\u003C\/blockquote\u003E\n"}