{"version":"1.0","type":"rich","provider_name":"Bj\u00f6rk.fr \u2013 Site francophone d\u00e9di\u00e9 \u00e0 Bj\u00f6rk&nbsp;: musique, clips et actualit\u00e9s","provider_url":"https:\/\/www.bjork.fr","title":"Anohni \u00e0 propos de Bj\u00f6rk et des questions climatiques","author_name":"aifol","width":"480","height":"315","url":"http:\/\/bjork.fr\/Anohni-a-propos-de-Bjork-et-des-questions-climatiques","html":"\u003Ch4 class='title'\u003E\u003Ca href='http:\/\/bjork.fr\/Anohni-a-propos-de-Bjork-et-des-questions-climatiques'\u003EAnohni \u00e0 propos de Bj\u00f6rk et des questions climatiques\u003C\/a\u003E\u003C\/h4\u003E\u003Cblockquote class='spip'\u003E\n\u003Cp\u003ENous avons beaucoup parl\u00e9 de l\u2019environnement au fil des ans, simplement en tant qu\u2019artistes, cherchant \u00e0 comprendre la juste mesure de notre relation face \u00e0 cette crise et les diff\u00e9rentes fa\u00e7ons dont nous pourrions utiliser notre influence en tant qu\u2019artistes&nbsp;&#187;, a-t-elle d\u00e9clar\u00e9. &#171;&nbsp;Elle a toujours \u00e9t\u00e9 une optimiste profond\u00e9ment inspirante et \u00e9mouvante.&nbsp;&#187;\u003C\/p\u003E\n\u003C\/blockquote\u003E\n"}