{"version":"1.0","type":"rich","provider_name":"Bj\u00f6rk.fr \u2013 Site francophone d\u00e9di\u00e9 \u00e0 Bj\u00f6rk&nbsp;: musique, clips et actualit\u00e9s","provider_url":"https:\/\/www.bjork.fr","title":"Bj\u00f6rk \u00e0 propos de Vulnicura","author_name":"sofftchevaliers","width":"480","height":"315","url":"http:\/\/bjork.fr\/Bjork-a-propos-de-Vulnicura","html":"\u003Ch4 class='title'\u003E\u003Ca href='http:\/\/bjork.fr\/Bjork-a-propos-de-Vulnicura'\u003EBj\u00f6rk \u00e0 propos de Vulnicura\u003C\/a\u003E\u003C\/h4\u003E\u003Cblockquote class='spip'\u003E\n\u003Cp\u003EJ\u2019esp\u00e8re que cet album documentera le cheminement int\u00e9gral. Au final c\u2019est une lib\u00e9ration. Une fois sorti, il se r\u00e9v\u00e8le \u00eatre un processus de gu\u00e9rison, c\u2019est comme \u00e7a que je l\u2019ai v\u00e9cu.\n\u003Cbr class='autobr' \/\u003E\n(...)\n\u003Cbr class='autobr' \/\u003E\nAvec cet album, c\u2019\u00e9tait une grosse surprise. Quand j\u2019ai \u00e9cout\u00e9 les chansons, c\u2019\u00e9tait presque comme un journal intime.\u003C\/p\u003E\n\u003C\/blockquote\u003E\n"}