{"version":"1.0","type":"rich","provider_name":"Bj\u00f6rk.fr \u2013 Site francophone d\u00e9di\u00e9 \u00e0 Bj\u00f6rk&nbsp;: musique, clips et actualit\u00e9s","provider_url":"https:\/\/www.bjork.fr","title":"Deux nominations aux AIM Awards (m\u00e0j)","author_name":"","width":"480","height":"315","url":"http:\/\/bjork.fr\/Deux-nominations-aux-AIM-Awards-maj","html":"\u003Ch4 class='title'\u003E\u003Ca href='http:\/\/bjork.fr\/Deux-nominations-aux-AIM-Awards-maj'\u003EDeux nominations aux AIM Awards (m\u00e0j)\u003C\/a\u003E\u003C\/h4\u003E\u003Cblockquote class='spip'\u003E\n\u003Cp\u003ELes nominations pour la 5\u00e8me c\u00e9r\u00e9monie des AIM (Association of Independent Music) Awards ont \u00e9t\u00e9 annonc\u00e9es et Bj\u00f6rk est en lice pour deux prix, tout d\u2019abord dans la cat\u00e9gorie meilleure \u00e9dition sp\u00e9ciale avec la r\u00e9-\u00e9dition de tous les albums en vinyle color\u00e9, mais surtout dans la cat\u00e9gorie meilleur album de l\u2019ann\u00e9e pour Vulnicura. \n\u003Cbr class='autobr' \/\u003E\nEn 2011 l\u2019acad\u00e9mie des AIM Awards lui a d\u00e9j\u00e0 remis un prix honorifique intitul\u00e9 Outstanding Contribution to Music. Les r\u00e9sultats de cette ann\u00e9e seront annonc\u00e9s le&nbsp;(\u2026)\u003C\/p\u003E\n\u003C\/blockquote\u003E\n"}