{"version":"1.0","type":"rich","provider_name":"Bj\u00f6rk.fr \u2013 Site francophone d\u00e9di\u00e9 \u00e0 Bj\u00f6rk&nbsp;: musique, clips et actualit\u00e9s","provider_url":"https:\/\/www.bjork.fr","title":"Dries Van Noten","author_name":"pierro","width":"480","height":"315","url":"http:\/\/bjork.fr\/Dries-Van-Noten,7495","html":"\u003Ch4 class='title'\u003E\u003Ca href='http:\/\/bjork.fr\/Dries-Van-Noten,7495'\u003EDries Van Noten\u003C\/a\u003E\u003C\/h4\u003E\u003Cblockquote class='spip'\u003E\n\u003Cp\u003EBiographie \n\u003Cbr class='autobr' \/\u003E\nDries Baron Van Noten est un styliste belge n\u00e9 en 1958.\n\u003Cbr class='autobr' \/\u003E\nIl grandit au sein d\u2019une famille de tailleurs et obtient son dipl\u00f4me de l\u2019Acad\u00e9mie des beaux Arts d\u2019Anvers en 1981. Il monte \u00e0 Londres en 1986 pour pr\u00e9senter ses collections avec cinq de ses camarades, notamment Walter Van Beirendonck, et Ann Demeulemeester dont Bj\u00f6rk porte \u00e9galement les cr\u00e9ations. Sa premi\u00e8re boutique ouvre \u00e0 Anvers en 1989. \n\u003Cbr class='autobr' \/\u003E\nIl cr\u00e9e des costumes de ballets et re\u00e7oit en 2009 le prestigieux prix CFDA.&nbsp;(\u2026)\u003C\/p\u003E\n\u003C\/blockquote\u003E\n"}