{"version":"1.0","type":"rich","provider_name":"Bj\u00f6rk.fr \u2013 Site francophone d\u00e9di\u00e9 \u00e0 Bj\u00f6rk&nbsp;: musique, clips et actualit\u00e9s","provider_url":"https:\/\/www.bjork.fr","title":"Jean-Baptiste Mondino \u00e0 propos de Bj\u00f6rk","author_name":"aifol","width":"480","height":"315","url":"http:\/\/bjork.fr\/Jean-Baptiste-Mondino-a-propos-de-Bjork","html":"\u003Ch4 class='title'\u003E\u003Ca href='http:\/\/bjork.fr\/Jean-Baptiste-Mondino-a-propos-de-Bjork'\u003EJean-Baptiste Mondino \u00e0 propos de Bj\u00f6rk\u003C\/a\u003E\u003C\/h4\u003E\u003Cblockquote class='spip'\u003E\n\u003Cp\u003E&#171;&nbsp;La premi\u00e8re impression que j\u2019ai eue d\u2019elle \u00adet qui dure \u00ad, c\u2019est qu\u2019elle est un m\u00e9lange de maturit\u00e9 et d\u2019enfantin. D\u2019entr\u00e9e, quand elle est venue \u00e0 Paris faire les photos de Debut, elle avait envie de mettre des v\u00eatements de Marghiella. C\u2019est un petit d\u00e9tail, mais un d\u00e9tail photographique de stylisme, qui montre qu\u2019elle est curieuse, qu\u2019elle a le sens des choses cr\u00e9atives du moment. Il y avait autour d\u2019elle cette esp\u00e8ce d\u2019\u00e9tranget\u00e9 intense et qui, par moments, frise la schizophr\u00e9nie. \n\u003Cbr class='autobr' \/\u003E\n\u00c7a&nbsp;(\u2026)\u003C\/p\u003E\n\u003C\/blockquote\u003E\n"}