{"version":"1.0","type":"rich","provider_name":"Bj\u00f6rk.fr \u2013 Site francophone d\u00e9di\u00e9 \u00e0 Bj\u00f6rk&nbsp;: musique, clips et actualit\u00e9s","provider_url":"https:\/\/www.bjork.fr","title":"L&#8217;Islande","author_name":"aifol","width":"480","height":"315","url":"http:\/\/bjork.fr\/L-Islande","html":"\u003Ch4 class='title'\u003E\u003Ca href='http:\/\/bjork.fr\/L-Islande'\u003EL&#8217;Islande\u003C\/a\u003E\u003C\/h4\u003E\u003Cblockquote class='spip'\u003E\n\u003Cp\u003EIl y a peu de diff\u00e9rence de temp\u00e9rature entre les saisons, mais il y a une \u00e9norme diff\u00e9rence de luminosit\u00e9. En \u00e9t\u00e9, la vie sociale est intense, mais en hiver, les gens se replient sur eux-m\u00eames et restent chez eux. J\u2019aime cette alternance, je m\u2019y retrouve.\u003C\/p\u003E\n\u003C\/blockquote\u003E\n"}