{"version":"1.0","type":"rich","provider_name":"Bj\u00f6rk.fr \u2013 Site francophone d\u00e9di\u00e9 \u00e0 Bj\u00f6rk&nbsp;: musique, clips et actualit\u00e9s","provider_url":"https:\/\/www.bjork.fr","title":"Michel Ocelot \u00e0 propos de Bj\u00f6rk","author_name":"sofftchevaliers","width":"480","height":"315","url":"http:\/\/bjork.fr\/Michel-Ocelot-a-propos-de-Bjork","html":"\u003Ch4 class='title'\u003E\u003Ca href='http:\/\/bjork.fr\/Michel-Ocelot-a-propos-de-Bjork'\u003EMichel Ocelot \u00e0 propos de Bj\u00f6rk\u003C\/a\u003E\u003C\/h4\u003E\u003Cblockquote class='spip'\u003E\n\u003Cp\u003EBj\u00f6rk m\u2019a trait\u00e9 en \u00e9gal et m\u2019a laiss\u00e9 faire ce que je voulais. \u00c7a reste une belle exp\u00e9rience. Pour la petite histoire, un jour, alors que je faisais une tourn\u00e9e de promotion au Japon, je me baladais dans Tokyo lorsqu\u2019une m\u00e9lodie s\u2019\u00e9chappant d\u2019un magasin de disques m\u2019a attir\u00e9. Je suis entr\u00e9 et j\u2019ai reconnu sur un \u00e9cran, ma vid\u00e9o. Je me suis vraiment senti citoyen du monde&nbsp;! Bj\u00f6rk et moi avons chacun notre vie et ne nous sommes plus jamais crois\u00e9s. Je le regrette. Je lui suis \u00e9ternellement&nbsp;(\u2026)\u003C\/p\u003E\n\u003C\/blockquote\u003E\n"}