{"version":"1.0","type":"rich","provider_name":"Bj\u00f6rk.fr \u2013 Site francophone d\u00e9di\u00e9 \u00e0 Bj\u00f6rk&nbsp;: musique, clips et actualit\u00e9s","provider_url":"https:\/\/www.bjork.fr","title":"Patrick Fagot","author_name":"","width":"480","height":"315","url":"http:\/\/bjork.fr\/Patrick-Fagot","html":"\u003Ch4 class='title'\u003E\u003Ca href='http:\/\/bjork.fr\/Patrick-Fagot'\u003EPatrick Fagot\u003C\/a\u003E\u003C\/h4\u003E\u003Cblockquote class='spip'\u003E\n\u003Cp\u003ESession pour le Figaro Madame et Vanity Fair italien, mais non publi\u00e9e.  \n\u003Cbr class='autobr' \/\u003E\nLe sujet \u00e9tait les femmes qui \"font\" l\u2019Islande et Reykjavik et nous avons r\u00e9alis\u00e9 plusieurs s\u00e9ries de portraits des femmes les plus en vue \u00e0 Reykjavik&nbsp;: la pr\u00e9sidente, la directrice du mus\u00e9e art moderne, une com\u00e9dienne, une actrice, Bj\u00f6rk bien \u00e9videmment... et d\u2019autres encore.\n\u003Cbr class='autobr' \/\u003E\nChacune a \u00e9t\u00e9 libre de choisir le lieu , la tenue et les accessoires qu\u2019elle souhaitait.\n\u003Cbr class='autobr' \/\u003E\nC\u2019est ainsi que Bj\u00f6rk a choisi de se faire&nbsp;(\u2026)\u003C\/p\u003E\n\u003C\/blockquote\u003E\n"}