{"version":"1.0","type":"rich","provider_name":"Bj\u00f6rk.fr \u2013 Site francophone d\u00e9di\u00e9 \u00e0 Bj\u00f6rk&nbsp;: musique, clips et actualit\u00e9s","provider_url":"https:\/\/www.bjork.fr","title":"Stina Randestad","author_name":"pierro","width":"480","height":"315","url":"http:\/\/bjork.fr\/Stina-Randestad","html":"\u003Ch4 class='title'\u003E\u003Ca href='http:\/\/bjork.fr\/Stina-Randestad'\u003EStina Randestad\u003C\/a\u003E\u003C\/h4\u003E\u003Cblockquote class='spip'\u003E\n\u003Cp\u003EBiographie \n\u003Cbr class='autobr' \/\u003E\nStina Randestad est une styliste su\u00e9doise bas\u00e9e a Stokholm.\n\u003Cbr class='autobr' \/\u003E\nElle \u00e9tudie \u00e0 la Swedish School of Textile. \n\u003Cbr class='autobr' \/\u003E\nLa robe chevelue portee par Bjork a \u00e9t\u00e9 present\u00e9e \u00e0 sa collection de fin d\u2019\u00e9tude en 2019.\n\u003Cbr class='autobr' \/\u003E\nPlusieurs c\u00e9l\u00e9brit\u00e9s ont d\u00e9j\u00e0 port\u00e9 la \"hairy dress\" de gauche a droite sur la deuxi\u00e8me photo&nbsp;:\n\u003Cbr class='autobr' \/\u003E\nLa musicienne Cosima,\n\u003Cbr class='autobr' \/\u003E\nKalen Allen lors d\u2019un gala en 2019\n\u003Cbr class='autobr' \/\u003E\nLa chanteuse japonaise YUKI,\n\u003Cbr class='autobr' \/\u003E\nBusiswa sur le clip \"My power\" en duo avec Beyonc\u00e9 \n\u003Cbr class='autobr' \/\u003E\nBj\u00f6rk porte la Hairy dress lors du concert&nbsp;(\u2026)\u003C\/p\u003E\n\u003C\/blockquote\u003E\n"}