{"version":"1.0","type":"rich","provider_name":"Bj\u00f6rk.fr \u2013 Site francophone d\u00e9di\u00e9 \u00e0 Bj\u00f6rk&nbsp;: musique, clips et actualit\u00e9s","provider_url":"https:\/\/www.bjork.fr","title":"Vulnicura VR Remastered disponible sur Apple Vision Pro","author_name":"sofftchevaliers","width":"480","height":"315","url":"http:\/\/bjork.fr\/Vulnicura-VR-Remastered-disponible-sur-Apple-Vision-Pro","html":"\u003Ch4 class='title'\u003E\u003Ca href='http:\/\/bjork.fr\/Vulnicura-VR-Remastered-disponible-sur-Apple-Vision-Pro'\u003EVulnicura VR Remastered disponible sur Apple Vision Pro\u003C\/a\u003E\u003C\/h4\u003E\u003Cblockquote class='spip'\u003E\n\u003Cp\u003EApr\u00e8s l\u2019avant-premi\u00e8re ce week-end Reykjavik, Bj\u00f6rk annonce aujourd\u2019hui la sortie de Vulnicura VR \u2013 Remastered. \n\u003Cbr class='autobr' \/\u003E\nCette \u00e9dition remasteris\u00e9e propose un son spatial am\u00e9lior\u00e9 et des visuels enti\u00e8rement reprogramm\u00e9s, optimis\u00e9s pour les technologies immersives actuelles. Elle offre ainsi une exp\u00e9rience plus fluide et plus fid\u00e8le \u00e0 la vision artistique initiale du projet, lanc\u00e9 pour la premi\u00e8re fois en 2019. \n\u003Cbr class='autobr' \/\u003E\nVulnicura VR \u2013 Remastered est d\u00e9sormais disponible sur Apple Vision Pro, et sera&nbsp;(\u2026)\u003C\/p\u003E\n\u003C\/blockquote\u003E\n"}