{"version":"1.0","type":"rich","provider_name":"Bj\u00f6rk.fr \u2013 Site francophone d\u00e9di\u00e9 \u00e0 Bj\u00f6rk&nbsp;: musique, clips et actualit\u00e9s","provider_url":"https:\/\/www.bjork.fr","title":"lexpress.fr","author_name":"aifol","width":"480","height":"315","url":"http:\/\/bjork.fr\/bjork-eva-joly-lexpress-2010","html":"\u003Ch4 class='title'\u003E\u003Ca href='http:\/\/bjork.fr\/bjork-eva-joly-lexpress-2010'\u003Elexpress.fr\u003C\/a\u003E\u003C\/h4\u003E\u003Cblockquote class='spip'\u003E\n\u003Cp\u003EEn Islande, la chanteuse a appr\u00e9ci\u00e9 l\u2019action d\u2019Eva Joly. Elle confie son admiration pour celle qui s\u2019est lanc\u00e9e dans la bataille de 2012. \n\u003Cbr class='autobr' \/\u003E\n  Alors que les Verts et Europe Ecologie viennent de fusionner, Eva Joly se pr\u00e9pare \u00e0 \u00eatre la candidate du mouvement pour la prochaine \u00e9lection pr\u00e9sidentielle. Ce qui l\u2019a conduite \u00e0 terminer sa mission en Islande. N\u00e9anmoins, son travail sur place n\u2019aura pas \u00e9t\u00e9 vain&nbsp;: c\u2019est en tout cas l\u2019avis de l\u2019artiste islandaise. \n\u003Cbr class='autobr' \/\u003E\nQue repr\u00e9sente pour vous Eva Joly&nbsp;?&nbsp;(\u2026)\u003C\/p\u003E\n\u003C\/blockquote\u003E\n"}