{"version":"1.0","type":"rich","provider_name":"Bj\u00f6rk.fr \u2013 Site francophone d\u00e9di\u00e9 \u00e0 Bj\u00f6rk&nbsp;: musique, clips et actualit\u00e9s","provider_url":"https:\/\/www.bjork.fr","title":"Aurora","author_name":"sofftchevaliers","width":"480","height":"315","url":"http:\/\/bjork.fr\/score-stories-aurora","html":"\u003Ch4 class='title'\u003E\u003Ca href='http:\/\/bjork.fr\/score-stories-aurora'\u003EAurora\u003C\/a\u003E\u003C\/h4\u003E\u003Cblockquote class='spip'\u003E\n\u003Cp\u003Ei wrote \u00e1r\u00f3ra on sibelius software i got in 1999\n\u003Cbr class='autobr' \/\u003E\nand fell in love with and have used ever since.\n\u003Cbr class='autobr' \/\u003E\ni am excited to have the original harp arrangement\n\u003Cbr class='autobr' \/\u003E\nplayed by both harp and 32 string players in pizzicato\n\u003Cbr class='autobr' \/\u003E\nexaggerates the magical frostscapes i was excited about .\n\u003Cbr class='autobr' \/\u003E\ni wrote the middle section in a cabin in borgarfj\u00f6rdur i stayed in , in winter\n\u003Cbr class='autobr' \/\u003E\ni remember the shadow of the mountain came over the whole valley\n\u003Cbr class='autobr' \/\u003E\nand i tried to worship the shape it made.\n\u003Cbr class='autobr' \/\u003E\never since , when i sing that section , i&nbsp;(\u2026)\u003C\/p\u003E\n\u003C\/blockquote\u003E\n"}